{"id":100381,"date":"2024-08-12T16:38:32","date_gmt":"2024-08-12T14:38:32","guid":{"rendered":"https:\/\/smartfixsl.com\/privacy-policy\/"},"modified":"2025-02-27T13:17:40","modified_gmt":"2025-02-27T12:17:40","slug":"politique-de-confidentialite","status":"publish","type":"page","link":"https:\/\/smartfixsl.com\/fr\/politique-de-confidentialite\/","title":{"rendered":"Politique de confidentialit\u00e9"},"content":{"rendered":"\t\t<div data-elementor-type=\"wp-page\" data-elementor-id=\"100381\" class=\"elementor elementor-100381 elementor-94758\" data-elementor-post-type=\"page\">\n\t\t\t\t\t\t<section class=\"elementor-section elementor-top-section elementor-element elementor-element-583786c elementor-reverse-tablet elementor-reverse-mobile elementor-section-height-min-height elementor-section-items-stretch elementor-section-boxed elementor-section-height-default\" data-id=\"583786c\" data-element_type=\"section\" data-e-type=\"section\" data-settings=\"{&quot;background_background&quot;:&quot;gradient&quot;}\">\n\t\t\t\t\t\t\t<div class=\"elementor-background-overlay\"><\/div>\n\t\t\t\t\t\t\t<div class=\"elementor-container elementor-column-gap-wider\">\n\t\t\t\t\t<div class=\"elementor-column elementor-col-100 elementor-top-column elementor-element elementor-element-a969fa0\" data-id=\"a969fa0\" data-element_type=\"column\" data-e-type=\"column\">\n\t\t\t<div class=\"elementor-widget-wrap elementor-element-populated\">\n\t\t\t\t\t\t<div class=\"elementor-element elementor-element-ab8d00b elementor-widget elementor-widget-the7-heading\" data-id=\"ab8d00b\" data-element_type=\"widget\" data-e-type=\"widget\" data-widget_type=\"the7-heading.default\">\n\t\t\t\t<div class=\"elementor-widget-container\">\n\t\t\t\t\t<h2 class=\"the7-heading-title elementor-size-default\">Politique de Confidentialit\u00e9<\/h2>\t\t\t\t<\/div>\n\t\t\t\t<\/div>\n\t\t\t\t\t<\/div>\n\t\t<\/div>\n\t\t\t\t\t<\/div>\n\t\t<\/section>\n\t\t\t\t<section class=\"elementor-section elementor-top-section elementor-element elementor-element-d84c68d elementor-reverse-tablet elementor-reverse-mobile elementor-section-boxed elementor-section-height-default elementor-section-height-default\" data-id=\"d84c68d\" data-element_type=\"section\" data-e-type=\"section\" data-settings=\"{&quot;background_background&quot;:&quot;classic&quot;}\">\n\t\t\t\t\t\t<div class=\"elementor-container elementor-column-gap-wider\">\n\t\t\t\t\t<div class=\"elementor-column elementor-col-100 elementor-top-column elementor-element elementor-element-4f1b65e\" data-id=\"4f1b65e\" data-element_type=\"column\" data-e-type=\"column\">\n\t\t\t<div class=\"elementor-widget-wrap elementor-element-populated\">\n\t\t\t\t\t\t<div class=\"elementor-element elementor-element-6f99e38 elementor-widget elementor-widget-text-editor\" data-id=\"6f99e38\" data-element_type=\"widget\" data-e-type=\"widget\" data-widget_type=\"text-editor.default\">\n\t\t\t\t\t\t\t\t\t<div class=\"elementor-element elementor-element-6f99e38 elementor-widget elementor-widget-text-editor\" data-id=\"6f99e38\" data-element_type=\"widget\" data-widget_type=\"text-editor.default\"><p><strong><span>Conform\u00e9ment aux dispositions de la r\u00e9glementation en vigueur sur la protection des donn\u00e9es personnelles, nous vous fournissons les informations suivantes :<\/span><\/strong><\/p><h5><span>1. INFORMATIONS \u00c0 L&rsquo;INT\u00c9RESS\u00c9 ET\/OU \u00c0 L&rsquo;UTILISATEUR<\/span><\/h5><p><strong><span>Smartfix, Tecnolog\u00eda e Innovaci\u00f3n, SL<\/span><\/strong><span>\u00a0\u00a0vous fournit cette politique de confidentialit\u00e9 pour vous informer, en d\u00e9tail, sur la mani\u00e8re dont les donn\u00e9es personnelles que vous, en tant que partie int\u00e9ress\u00e9e et\/ou utilisateur, fournissez ou avez fournies, par tout moyen (site Web, courrier \u00e9lectronique, t\u00e9l\u00e9phone, en personne, formulaires en ligne ou papier, etc.) sont ou seront trait\u00e9es.<\/span><\/p><p><strong><span>Smartfix, Tecnolog\u00eda e Innovaci\u00f3n, SL<\/span><\/strong><span>\u00a0\u00a0a adopt\u00e9 toutes les mesures techniques et organisationnelles n\u00e9cessaires pour garantir la confidentialit\u00e9, l&rsquo;int\u00e9grit\u00e9, la disponibilit\u00e9 et la r\u00e9silience des donn\u00e9es personnelles qu&rsquo;elle d\u00e9tient.<\/span><\/p><p><strong><span>Responsabilit\u00e9 de l&rsquo;int\u00e9ress\u00e9 et\/ou de l&rsquo;utilisateur<\/span><\/strong><br \/><span>En fournissant vos donn\u00e9es, vous, en tant qu&rsquo;int\u00e9ress\u00e9 et\/ou utilisateur (ci-apr\u00e8s l&rsquo;\u00a0\u00a0<\/span><strong><span>Int\u00e9ress\u00e9<\/span><\/strong><span>\u00a0), garantissez que vous avez plus de 18 ans et que les donn\u00e9es fournies \u00e0 Smartfix, Tecnolog\u00eda e Innovaci\u00f3n, SL sont vraies, exactes, compl\u00e8tes et \u00e0 jour. \u00c0 ces fins, l&rsquo;int\u00e9ress\u00e9 confirme qu&rsquo;il est responsable de la v\u00e9racit\u00e9 des donn\u00e9es fournies et qu&rsquo;il maintiendra ces informations convenablement mises \u00e0 jour, afin qu&rsquo;elles refl\u00e8tent sa situation r\u00e9elle, en assumant la responsabilit\u00e9 de toute donn\u00e9e fausse ou inexacte qu&rsquo;il pourrait fournir, ainsi que de tout dommage direct ou indirect pouvant en d\u00e9couler.<\/span><\/p><h5><span>2. RESPONSABLE DU TRAITEMENT DES DONN\u00c9ES<\/span><\/h5><p><span>Identit\u00e9 :\u00a0\u00a0<\/span><strong><span>Smartfix, Technology and Innovation, SL<\/span><\/strong><br \/><span>Num\u00e9ro d&rsquo;identification fiscale : B71367197<\/span><br \/><span>Adresse postale : Pol. Ind. Las Labradas \u00b7 C\/ Comunidad Foral de Navarra, 5 \u2013 35100 Tudela (Navarra)<\/span><br \/><span>T\u00e9l\u00e9phone : 948 848 892<\/span><br \/><span>Courriel :\u00a0\u00a0<\/span><a href=\"mailto:info@smartfixsl.com?_x_tr_sl=auto&amp;_x_tr_tl=en&amp;_x_tr_hl=es&amp;_x_tr_pto=wapp\" target=\"_blank\" rel=\"noopener\"><span>info@smartfixsl.com<\/span><\/a><\/p><h5><span>3. FINALIT\u00c9S, D\u00c9LAIS DE CONSERVATION ET L\u00c9GITIMATION DU TRAITEMENT<\/span><\/h5><p><strong><span>Smartfix, Tecnolog\u00eda e Innovaci\u00f3n, SL,<\/span><\/strong><span>\u00a0en tant que\u00a0\u00a0<\/span><strong><span>Responsable<\/span><\/strong><span>\u00a0du traitement des donn\u00e9es personnelles de l&rsquo;Int\u00e9ress\u00e9, ainsi que de toutes donn\u00e9es qui pourraient \u00eatre fournies \u00e0 l&rsquo;avenir, vous informe que ces donn\u00e9es seront trait\u00e9es conform\u00e9ment aux dispositions de la r\u00e9glementation en vigueur sur la protection des donn\u00e9es personnelles, et vous fournit donc les informations suivantes sur chacune des op\u00e9rations de traitement effectu\u00e9es par\u00a0\u00a0<\/span><strong><span>Smartfix, Tecnolog\u00eda e\u00a0\u00a0<\/span><\/strong><strong><span>Innovaci\u00f3n, SL :<\/span><\/strong><\/p><p><strong><span>CONTACT \/ DEMANDES DE RENSEIGNEMENTS<\/span><\/strong><\/p><ul><li><strong><span>Finalit\u00e9 du traitement :<\/span><\/strong><span>\u00a0\u00a0r\u00e9pondre et donner suite aux consultations, demandes d&rsquo;informations, suggestions et r\u00e9clamations, ainsi que maintenir le contact avec les personnes qui ont manifest\u00e9 leur int\u00e9r\u00eat pour l&rsquo;entreprise, ses produits ou ses services.<\/span><\/li><li><strong><span>Crit\u00e8res de conservation des donn\u00e9es : les donn\u00e9es<\/span><\/strong><span>\u00a0\u00a0seront conserv\u00e9es pendant la dur\u00e9e n\u00e9cessaire au traitement et \u00e0 la r\u00e9ponse \u00e0 la demande.<\/span><\/li><li><strong><span>L\u00e9gitimation du traitement des donn\u00e9es :<\/span><\/strong><span>\u00a0\u00a0RGPD : 6.1.f) la base juridique du traitement des donn\u00e9es est bas\u00e9e sur l&rsquo;int\u00e9r\u00eat l\u00e9gitime du responsable du traitement de traiter et de r\u00e9pondre aux communications ou<\/span><br \/><span>demandes re\u00e7ues.<\/span><\/li><\/ul><p><strong><span>FACTURES PROFORMA \/ BUDGETS<\/span><\/strong><\/p><ul><li><strong><span>Finalit\u00e9 du traitement :<\/span><\/strong><span>\u00a0\u00a0l&rsquo;\u00e9laboration et la livraison des factures pro forma et\/ou des devis demand\u00e9s par les Int\u00e9ress\u00e9s, ainsi que la possibilit\u00e9 d&rsquo;en assurer le suivi par t\u00e9l\u00e9phone, par voie \u00e9lectronique ou en personne.<\/span><\/li><li><strong><span>Crit\u00e8res de conservation des donn\u00e9es : les donn\u00e9es<\/span><\/strong><span>\u00a0\u00a0seront conserv\u00e9es aussi longtemps qu\u2019il existe un int\u00e9r\u00eat mutuel \u00e0 le faire, ou que la partie int\u00e9ress\u00e9e demande leur suppression.<\/span><\/li><li><strong><span>L\u00e9gitimation du traitement des donn\u00e9es :<\/span><\/strong><span>\u00a0\u00a0le traitement est n\u00e9cessaire \u00e0 l&rsquo;application de mesures pr\u00e9contractuelles \u00e0 la demande de l&rsquo;int\u00e9ress\u00e9 (RGPD : 6.1.b), ainsi que le traitement est n\u00e9cessaire \u00e0 la satisfaction de l&rsquo;int\u00e9r\u00eat l\u00e9gitime du responsable du traitement pour pr\u00e9parer et suivre les budgets demand\u00e9s par l&rsquo;<\/span><br \/><span>int\u00e9ress\u00e9 (RGPD : 6.1.f).<\/span><\/li><\/ul><p><strong><span>ENREGISTREMENT D&rsquo;UTILISATEUR<\/span><\/strong><\/p><ul><li><strong><span>Finalit\u00e9 du traitement :<\/span><\/strong><span>\u00a0\u00a0gestion des utilisateurs et gestion et possibilit\u00e9 d&rsquo;utilisation des diff\u00e9rents services propos\u00e9s sur le site Web et\/ou via l&rsquo;application du Responsable du traitement.<\/span><\/li><li><strong><span>Crit\u00e8res de conservation des donn\u00e9es : les donn\u00e9es<\/span><\/strong><span>\u00a0\u00a0seront conserv\u00e9es dans le syst\u00e8me ind\u00e9finiment tant que l&rsquo;int\u00e9ress\u00e9 ne demande pas leur suppression.<\/span><\/li><li><strong><span>L\u00e9gitimation du traitement des donn\u00e9es :<\/span><\/strong><span>\u00a0\u00a0RGPD : 6.1.a) la base juridique du traitement des donn\u00e9es est le consentement fourni par la partie int\u00e9ress\u00e9e au moment de la fourniture de ses donn\u00e9es.<\/span><\/li><\/ul><p><strong><span>CLIENTS<\/span><\/strong><\/p><ul><li><strong><span>Finalit\u00e9 du traitement :<\/span><\/strong><span>\u00a0\u00a0gestion des clients, entretien des relations contractuelles et\/ou commerciales avec eux, gestion de la sous-traitance de produits et\/ou services, ainsi que pour la gestion administrative (facturation, encaissements, etc.), comptable et fiscale de l&rsquo;entreprise et pour le respect des obligations l\u00e9gales que tout cela implique.<\/span><br \/><span>Pouvoir \u00e9galement \u00e9tablir des contacts avec des personnes qui fournissent des services \u00e0 une personne morale (entreprise, organisation, etc.), ainsi qu&rsquo;avec des entrepreneurs individuels et des professionnels ind\u00e9pendants, afin d&rsquo;\u00e9tablir ou d&rsquo;entretenir des relations d&rsquo;affaires (\u00ab business to business \u00bb, B2B) avec eux.<\/span><\/li><li><strong><span>Crit\u00e8res de conservation des donn\u00e9es : Les donn\u00e9es<\/span><\/strong><span>\u00a0\u00a0seront conserv\u00e9es tant que les relations contractuelles et\/ou commerciales entre les deux parties seront maintenues et que leur suppression ne sera pas demand\u00e9e et, si elle est demand\u00e9e, pendant le temps pr\u00e9vu par la r\u00e9glementation en vigueur (fiscale, commerciale, etc.) concernant la limitation de responsabilit\u00e9.<\/span><\/li><li><strong><span>L\u00e9gitimation du traitement des donn\u00e9es :<\/span><\/strong><span>\u00a0\u00a0RGPD : 6.1.b) la base juridique du traitement des donn\u00e9es est l&rsquo;ex\u00e9cution et le maintien des relations contractuelles et\/ou commerciales entre les deux parties, ainsi que le respect des obligations l\u00e9gales (fiscales, commerciales, etc.) que tout cela implique. Le traitement des donn\u00e9es de contact professionnel pour les relations commerciales est l\u00e9gitim\u00e9 par l&rsquo;int\u00e9r\u00eat l\u00e9gitime du Responsable de pouvoir contacter, \u00e9tablir et\/ou entretenir des relations commerciales avec l&rsquo;entit\u00e9 juridique dans laquelle l&rsquo;Int\u00e9ress\u00e9 fournit ses services, ainsi qu&rsquo;avec les entrepreneurs individuels et les professionnels ind\u00e9pendants (RGPD : 6.1.f et LOPDGDD : 19).<\/span><\/li><\/ul><p><strong><span>ENVOI DE COMMUNICATIONS COMMERCIALES<\/span><\/strong><\/p><ul><li><strong><span>Finalit\u00e9 du traitement :<\/span><\/strong><span>\u00a0\u00a0envoyer des informations commerciales par tout moyen, postal ou \u00e9lectronique, sur les produits et\/ou services li\u00e9s aux syst\u00e8mes de fixation m\u00e9canique (rivets peints, fleur et fleur extra longue) et d&rsquo;autres informations du Responsable du traitement susceptibles d&rsquo;int\u00e9resser l&rsquo;Int\u00e9ress\u00e9 (\u00e9v\u00e9nements, activit\u00e9s, etc.).<\/span><\/li><li><strong><span>Crit\u00e8res de conservation des donn\u00e9es : les donn\u00e9es<\/span><\/strong><span>\u00a0\u00a0seront conserv\u00e9es dans le syst\u00e8me ind\u00e9finiment tant que l&rsquo;int\u00e9ress\u00e9 n&rsquo;en demandera pas la suppression et, s&rsquo;il le fait, aussi longtemps que n\u00e9cessaire dans le respect de la limitation des responsabilit\u00e9s.<\/span><\/li><li><strong><span>L\u00e9gitimation du traitement des donn\u00e9es :<\/span><\/strong><span>\u00a0\u00a0l&rsquo;envoi d&rsquo;informations commerciales aux clients est fond\u00e9 sur l&rsquo;int\u00e9r\u00eat l\u00e9gitime du Responsable du traitement de leur envoyer des communications commerciales sur des produits ou services similaires \u00e0 ceux contract\u00e9s et ainsi fid\u00e9liser leur client\u00e8le (art. 6.1.f du RGPD). Le traitement peut \u00e9galement \u00eatre l\u00e9gitim\u00e9 par le consentement fourni par la personne concern\u00e9e (art. 6.1.a du RGPD). Toutefois, dans les deux cas, la partie int\u00e9ress\u00e9e a le droit de s&rsquo;opposer \u00e0 ce traitement et de retirer son consentement, et peut le faire par l&rsquo;un des moyens d\u00e9crits dans le pr\u00e9sent document. L&rsquo;exercice de ces droits n&rsquo;affectera en aucun cas le maintien des relations commerciales et les traitements de donn\u00e9es effectu\u00e9s avant l&rsquo;exercice de ces droits ne perdront pas leur l\u00e9galit\u00e9.<\/span><\/li><\/ul><p><strong><span>FOURNISSEURS<\/span><\/strong><\/p><ul><li><strong><span>Finalit\u00e9 du traitement :<\/span><\/strong><span>\u00a0\u00a0gestion des fournisseurs, entretien des relations contractuelles et\/ou commerciales avec eux, ainsi que la gestion administrative (facturation, encaissements, etc.), comptable et fiscale de l&rsquo;entreprise et pour le respect des obligations l\u00e9gales que tout cela implique. Pouvoir \u00e9galement \u00e9tablir des contacts avec des personnes qui fournissent des services \u00e0 une personne morale (entreprise, organisation, etc.), ainsi qu&rsquo;avec des entrepreneurs individuels et des professionnels ind\u00e9pendants, afin d&rsquo;\u00e9tablir ou d&rsquo;entretenir des relations d&rsquo;affaires (\u00ab business to business \u00bb, B2B) avec eux.<\/span><\/li><li><strong><span>Crit\u00e8res de conservation des donn\u00e9es : Les donn\u00e9es<\/span><\/strong><span>\u00a0\u00a0seront conserv\u00e9es tant que les relations contractuelles et\/ou commerciales entre les deux parties seront maintenues et que leur suppression ne sera pas demand\u00e9e et, si elle est demand\u00e9e, pendant le temps pr\u00e9vu par la r\u00e9glementation en vigueur (fiscale, commerciale, etc.) concernant la limitation de responsabilit\u00e9.<\/span><\/li><li><strong><span>L\u00e9gitimation du traitement des donn\u00e9es :<\/span><\/strong><span>\u00a0\u00a0RGPD : 6.1.b) la base juridique du traitement des donn\u00e9es est l&rsquo;ex\u00e9cution et le maintien des relations contractuelles et\/ou commerciales entre les deux parties, ainsi que le respect des obligations l\u00e9gales (fiscales, commerciales, etc.) que tout cela implique. Le traitement des donn\u00e9es de contact professionnel pour les relations commerciales est l\u00e9gitim\u00e9 par l&rsquo;int\u00e9r\u00eat l\u00e9gitime du Responsable de pouvoir contacter, \u00e9tablir et\/ou entretenir des relations commerciales avec l&rsquo;entit\u00e9 juridique dans laquelle l&rsquo;Int\u00e9ress\u00e9 fournit ses services, ainsi qu&rsquo;avec les entrepreneurs individuels et les professionnels ind\u00e9pendants (RGPD : 6.1.f et LOPDGDD : 19).<\/span><\/li><\/ul><h5><span>4. COMMUNICATION DE DONN\u00c9ES<\/span><\/h5><p><span>En r\u00e8gle g\u00e9n\u00e9rale, les donn\u00e9es personnelles ne seront pas communiqu\u00e9es \u00e0 des tiers, sauf dans les cas o\u00f9 il existe une obligation l\u00e9gale ou si cela est n\u00e9cessaire \u00e0 la fourniture de services ou au maintien et au d\u00e9veloppement de relations, tels que, mais sans s&rsquo;y limiter :<\/span><\/p><ul><li><span>Administrations Publiques, Juges et Tribunaux, pour le respect des obligations l\u00e9gales, ainsi que pour faire face aux \u00e9ventuelles responsabilit\u00e9s d\u00e9coulant de la r\u00e9glementation applicable.<\/span><\/li><li><span>Entit\u00e9s financi\u00e8res\/bancaires, pour la gestion des encaissements et des paiements.<\/span><\/li><li><span>Prestataires de services de paiement, pour la gestion des encaissements et des paiements (Mastercard, VISA, PayPal, etc.).<\/span><\/li><li><span>Entreprises de transport, pour la livraison et\/ou la collecte de produits.<\/span><\/li><li><span>Les prestataires de services contract\u00e9s par le Responsable, qui auront la qualit\u00e9 de Sous-traitant de Donn\u00e9es.<\/span><\/li><\/ul><p><span>Bien qu&rsquo;il ne s&rsquo;agisse pas d&rsquo;un transfert de donn\u00e9es, afin d&rsquo;effectuer l&rsquo;un des traitements indiqu\u00e9s ou de vous fournir un service, il peut arriver que des soci\u00e9t\u00e9s tierces, qui agissent en tant que sous-traitants de donn\u00e9es (nos fournisseurs), acc\u00e8dent \u00e0 vos informations pour effectuer le traitement ou le service susmentionn\u00e9. Ces gestionnaires acc\u00e8dent \u00e0 vos donn\u00e9es en suivant nos instructions et ne peuvent pas les utiliser \u00e0 des fins diff\u00e9rentes et en pr\u00e9servant la plus stricte confidentialit\u00e9.<\/span><\/p><p><strong><span>Transferts internationaux<\/span><\/strong><br \/><strong><span>Smartfix, Tecnolog\u00eda e Innovaci\u00f3n, SL<\/span><\/strong><span>\u00a0\u00a0n&rsquo;a pas l&rsquo;intention d&rsquo;effectuer des transferts internationaux de vos donn\u00e9es vers des pays situ\u00e9s en dehors de l&rsquo;Espace \u00e9conomique europ\u00e9en (EEE). Dans les cas o\u00f9 cela est n\u00e9cessaire, elles ne seront faites qu&rsquo;\u00e0 des destinataires situ\u00e9s dans un pays, un territoire ou un ou plusieurs secteurs sp\u00e9cifiques de ce pays ou d&rsquo;une organisation internationale qui a \u00e9t\u00e9 d\u00e9clar\u00e9 comme ayant un niveau de protection ad\u00e9quat par la Commission europ\u00e9enne ; ou sont soumis \u00e0 l\u2019accord \u00ab Cadre de protection des donn\u00e9es UE-\u00c9tats-Unis \u00bb ; ou qui sont couverts par l\u2019une des garanties appropri\u00e9es pr\u00e9vues \u00e0 l\u2019article 46.2 du r\u00e8glement (UE) 2016\/679.<\/span><\/p><h5><span>5. DROITS DES PARTIES INT\u00c9RESS\u00c9ES<\/span><\/h5><p><span>Toute personne a le droit d\u2019obtenir la confirmation que le Responsable du traitement traite ou non des donn\u00e9es \u00e0 caract\u00e8re personnel la concernant, ainsi que de retirer, \u00e0 tout moment, tout consentement qu\u2019elle aurait donn\u00e9 pour une finalit\u00e9 d\u00e9termin\u00e9e, sans que cela porte atteinte \u00e0 la lic\u00e9it\u00e9 du traitement fond\u00e9 sur le consentement avant le retrait de celui-ci.<\/span><\/p><p><span>La r\u00e9glementation relative \u00e0 la protection des donn\u00e9es vous permet d&rsquo;exercer vos droits d&rsquo;acc\u00e8s, de rectification, de suppression et de portabilit\u00e9 des donn\u00e9es et d&rsquo;opposition et de limitation \u00e0 leur traitement, ainsi que de ne pas faire l&rsquo;objet de d\u00e9cisions fond\u00e9es uniquement sur le traitement automatis\u00e9 de vos donn\u00e9es, le cas \u00e9ch\u00e9ant. Ces droits sont caract\u00e9ris\u00e9s par les \u00e9l\u00e9ments suivants :<\/span><\/p><ul><li><span>Son exercice est gratuit, sauf si les demandes sont manifestement infond\u00e9es ou excessives (par exemple, de nature r\u00e9p\u00e9titive), auquel cas le Responsable du traitement peut facturer des frais proportionnels aux co\u00fbts administratifs engag\u00e9s ou refuser d&rsquo;agir.<\/span><\/li><li><span>Vous pouvez exercer vos droits directement ou par l\u2019interm\u00e9diaire de votre repr\u00e9sentant l\u00e9gal ou b\u00e9n\u00e9vole.<\/span><\/li><li><span>Nous devons r\u00e9pondre \u00e0 votre demande dans un d\u00e9lai d&rsquo;un mois, bien que, compte tenu de la complexit\u00e9 et du nombre de demandes, le d\u00e9lai puisse \u00eatre prolong\u00e9 de deux mois suppl\u00e9mentaires.<\/span><\/li><li><span>Nous avons l\u2019obligation de vous informer sur les moyens d\u2019exercer ces droits, qui doivent \u00eatre accessibles et nous ne pouvons vous refuser l\u2019exercice du droit au seul motif que vous avez choisi un autre moyen. Si la demande est soumise par voie \u00e9lectronique, les informations seront fournies par voie \u00e9lectronique dans la mesure du possible, \u00e0 moins que vous nous demandiez de faire autrement.<\/span><\/li><li><span>Si le Responsable du traitement ne traite pas la demande, il vous informera, dans un d\u00e9lai d\u2019un mois au plus tard, des motifs de son inaction et de la possibilit\u00e9 d\u2019introduire une r\u00e9clamation aupr\u00e8s d\u2019une Autorit\u00e9 de contr\u00f4le.<\/span><\/li><\/ul><p><strong><span>Comment exercer ces droits ?<\/span><br \/><\/strong><span>Les parties int\u00e9ress\u00e9es peuvent exercer leurs droits en envoyant une communication \u00e9crite \u00e0 l&rsquo;adresse postale ou \u00e9lectronique du Responsable du traitement, en indiquant dans la r\u00e9f\u00e9rence \u00ab EXERCICE DES DROITS LOPD \u00bb, y compris : la p\u00e9tition dans laquelle la demande est sp\u00e9cifi\u00e9e, l&rsquo;adresse pour les notifications, la date et la signature. Si vous le demandez, nous vous fournirons les formulaires pour exercer ces droits, en indiquant quel droit vous souhaitez exercer.<\/span><\/p><p><span>De m\u00eame, et surtout si vous estimez que vous n&rsquo;avez pas obtenu pleine satisfaction dans l&rsquo;exercice de vos droits, nous vous informons que vous pouvez d\u00e9poser une r\u00e9clamation aupr\u00e8s de l&rsquo;Autorit\u00e9 Nationale de Contr\u00f4le en contactant l&rsquo;Agence Espagnole de Protection des Donn\u00e9es, C\/ Jorge Juan, 6 &#8211; 28001 Madrid.<\/span><\/p><h5><span>6. R\u00c9SEAUX SOCIAUX<\/span><\/h5><p><span>Smartfix, Technologie et Innovation, SL utilise les m\u00e9dias sociaux et c&rsquo;est un autre moyen de vous joindre. Les informations collect\u00e9es via les messages et communications que vous publiez peuvent contenir des informations personnelles disponibles en ligne et accessibles au public. Ces r\u00e9seaux sociaux ont leurs propres politiques de confidentialit\u00e9, qui expliquent comment ils utilisent et partagent vos informations, nous vous recommandons donc de les consulter avant de les utiliser pour confirmer que vous \u00eates d&rsquo;accord avec la mani\u00e8re dont vos informations sont collect\u00e9es, trait\u00e9es et partag\u00e9es.<\/span><\/p><p><span>Le traitement des donn\u00e9es effectu\u00e9 sur les personnes qui deviennent followers et\/ou effectuent toute action de lien ou de connexion via les r\u00e9seaux sociaux des pages officielles du Responsable du traitement sera r\u00e9gi par la pr\u00e9sente politique de confidentialit\u00e9 et par les politiques de confidentialit\u00e9 des r\u00e9seaux sociaux eux-m\u00eames. Le Responsable du traitement traitera vos donn\u00e9es afin de g\u00e9rer correctement votre pr\u00e9sence sur le r\u00e9seau social correspondant, d&rsquo;envoyer des messages personnels et individuels via les canaux des r\u00e9seaux sociaux, de vous informer des activit\u00e9s, produits et\/ou services du Responsable du traitement, ou de tiers pouvant \u00eatre li\u00e9s \u00e0 notre activit\u00e9, ainsi que tout autre traitement que la r\u00e9glementation des r\u00e9seaux sociaux pourrait autoriser.<\/span><\/p><h5><span>7. COOKIES<\/span><\/h5><p><span>En g\u00e9n\u00e9ral, si vous naviguez sur Internet, vous pouvez accepter ou refuser les cookies \u00e0 partir des options de configuration de votre navigateur. Ce site Web peut utiliser des cookies et d&rsquo;autres technologies similaires telles que des objets locaux partag\u00e9s, des cookies Flash ou des pixels, qui sont de petits fichiers que certaines plateformes, telles que les pages Web, peuvent installer sur l&rsquo;appareil de l&rsquo;utilisateur (ordinateur, tablette, smartphone, etc.).<\/span><br \/><span>Leurs fonctions peuvent \u00eatre tr\u00e8s vari\u00e9es : stocker les pr\u00e9f\u00e9rences de navigation, collecter des informations statistiques, activer certaines fonctionnalit\u00e9s techniques, stocker des informations sur les habitudes de navigation de l&rsquo;utilisateur ou de son appareil, etc.<\/span><br \/><span>Les cookies sont utiles pour plusieurs raisons. D&rsquo;un point de vue technique, ils permettent aux pages Web de fonctionner plus rapidement et de mani\u00e8re adapt\u00e9e aux pr\u00e9f\u00e9rences des utilisateurs, comme le stockage de leur langue ou de la devise de leur pays, etc. En outre, ils aident les Responsables du traitement des sites Web \u00e0 am\u00e9liorer leurs services et \u00e0 rendre la publicit\u00e9 affich\u00e9e sur ceux-ci plus efficace, gr\u00e2ce aux informations statistiques ou d&rsquo;habitudes qu&rsquo;ils collectent \u00e0 travers eux.<\/span><br \/><span>Pour l&rsquo;installation et l&rsquo;utilisation de certains cookies, il est n\u00e9cessaire d&rsquo;obtenir le consentement \u00e9clair\u00e9 des utilisateurs. Les cookies qui n\u00e9cessitent le consentement de l&rsquo;utilisateur comprennent, entre autres, les cookies analytiques, publicitaires et d&rsquo;affiliation, \u00e0 l&rsquo;exception des cookies techniques et de ceux n\u00e9cessaires au fonctionnement du site Web ou \u00e0 la fourniture de services express\u00e9ment demand\u00e9s par l&rsquo;utilisateur.<\/span><br \/><span>L&rsquo;utilisateur a la possibilit\u00e9 de configurer son navigateur pour \u00eatre averti de la r\u00e9ception de cookies et emp\u00eacher leur installation sur son ordinateur. Veuillez consulter les instructions de votre navigateur pour plus d&rsquo;informations. Pour plus d&rsquo;informations sur les cookies, consultez notre\u00a0\u00a0<\/span><a href=\"https:\/\/smartfixsl-com.translate.goog\/politica-de-cookies-2\/?_x_tr_sl=auto&amp;_x_tr_tl=en&amp;_x_tr_hl=es&amp;_x_tr_pto=wapp\" target=\"_blank\" rel=\"noopener\"><strong><span>politique de cookies<\/span><\/strong><\/a><span>\u00a0.<\/span><\/p><h5><span>8. CARACT\u00c8RE OBLIGATOIRE OU FACULTATIF DES INFORMATIONS FOURNIES PAR L&rsquo;INT\u00c9RESS\u00c9<\/span><\/h5><p><span>L&rsquo;int\u00e9ress\u00e9, en cochant les cases correspondantes et en saisissant des donn\u00e9es dans les champs marqu\u00e9s comme obligatoires dans les diff\u00e9rents formulaires, accepte express\u00e9ment et librement et sans \u00e9quivoque que ses donn\u00e9es sont n\u00e9cessaires au Responsable du traitement pour traiter sa demande, et l&rsquo;inclusion d&rsquo;informations dans les champs restants est volontaire.<\/span><br \/><span>Si toutes les donn\u00e9es obligatoires ne sont pas fournies, le traitement correspondant des donn\u00e9es ne pourra pas \u00eatre effectu\u00e9 et par cons\u00e9quent les demandes, contrats ou applications formul\u00e9s par l&rsquo;Int\u00e9ress\u00e9 ne pourront pas \u00eatre trait\u00e9s.<\/span><\/p><p><span>L&rsquo;int\u00e9ress\u00e9 garantit que les donn\u00e9es personnelles fournies sont v\u00e9ridiques et s&rsquo;engage \u00e0 communiquer toute modification de celles-ci.<\/span><\/p><h5><span>9. MESURES DE S\u00c9CURIT\u00c9<\/span><\/h5><p><strong><span>Smartfix, Tecnolog\u00eda e Innovaci\u00f3n, SL<\/span><\/strong><span>\u00a0\u00a0s&rsquo;engage \u00e0 prot\u00e9ger vos informations personnelles en utilisant des mesures, contr\u00f4les et proc\u00e9dures physiques, organisationnelles et technologiques raisonnablement fiables et efficaces visant \u00e0 pr\u00e9server l&rsquo;int\u00e9grit\u00e9 et la s\u00e9curit\u00e9 de vos donn\u00e9es et \u00e0 garantir votre confidentialit\u00e9.<\/span><br \/><span>De plus, tout le personnel ayant acc\u00e8s aux donn\u00e9es personnelles a \u00e9t\u00e9 form\u00e9 et est conscient de ses obligations en relation avec le traitement de vos donn\u00e9es personnelles.<\/span><\/p><p><span>Dans le cas des contrats que nous signons avec des fournisseurs, nous incluons des clauses qui les obligent \u00e0 maintenir le devoir de confidentialit\u00e9 concernant les donn\u00e9es personnelles auxquelles ils ont eu acc\u00e8s en vertu de la mission effectu\u00e9e, ainsi qu&rsquo;\u00e0 mettre en \u0153uvre les mesures de s\u00e9curit\u00e9 techniques et organisationnelles n\u00e9cessaires pour garantir la confidentialit\u00e9, l&rsquo;int\u00e9grit\u00e9, la disponibilit\u00e9 et la r\u00e9silience permanentes des syst\u00e8mes et services de traitement des donn\u00e9es personnelles.<\/span><br \/><span>Toutes ces mesures de s\u00e9curit\u00e9 sont revues p\u00e9riodiquement afin de garantir leur pertinence et leur efficacit\u00e9.<\/span><br \/><span>Cependant, une s\u00e9curit\u00e9 absolue ne peut \u00eatre garantie et aucun syst\u00e8me de s\u00e9curit\u00e9 n&rsquo;est imp\u00e9n\u00e9trable. Par cons\u00e9quent, dans le cas o\u00f9 une information en cours de traitement et sous notre contr\u00f4le serait compromise \u00e0 la suite d&rsquo;une violation de la s\u00e9curit\u00e9, nous prendrons les mesures appropri\u00e9es pour enqu\u00eater sur l&rsquo;incident, informer l&rsquo;Autorit\u00e9 de Contr\u00f4le et, le cas \u00e9ch\u00e9ant, informer les Parties Int\u00e9ress\u00e9es qui auraient pu \u00eatre affect\u00e9es afin qu&rsquo;elles puissent prendre les mesures appropri\u00e9es.<\/span><\/p><\/div><div class=\"elementor-element elementor-element-c1ffaf1 elementor-widget elementor-widget-spacer\" data-id=\"c1ffaf1\" data-element_type=\"widget\" data-widget_type=\"spacer.default\"><div class=\"elementor-spacer\">\u00a0<\/div><\/div>\t\t\t\t\t\t\t\t<\/div>\n\t\t\t\t<div class=\"elementor-element elementor-element-c1ffaf1 elementor-widget elementor-widget-spacer\" data-id=\"c1ffaf1\" data-element_type=\"widget\" data-e-type=\"widget\" data-widget_type=\"spacer.default\">\n\t\t\t\t\t\t\t<div class=\"elementor-spacer\">\n\t\t\t<div class=\"elementor-spacer-inner\"><\/div>\n\t\t<\/div>\n\t\t\t\t\t\t<\/div>\n\t\t\t\t\t<\/div>\n\t\t<\/div>\n\t\t\t\t\t<\/div>\n\t\t<\/section>\n\t\t\t\t<\/div>\n\t\t","protected":false},"excerpt":{"rendered":"<p>Politique de Confidentialit\u00e9 Conform\u00e9ment aux dispositions de la r\u00e9glementation en vigueur sur la protection des donn\u00e9es personnelles, nous vous fournissons les informations suivantes : 1. INFORMATIONS \u00c0 L&rsquo;INT\u00c9RESS\u00c9 ET\/OU \u00c0 L&rsquo;UTILISATEUR Smartfix, Tecnolog\u00eda e Innovaci\u00f3n, SL\u00a0\u00a0vous fournit cette politique de confidentialit\u00e9 pour vous informer, en d\u00e9tail, sur la mani\u00e8re dont les donn\u00e9es personnelles que vous,&hellip;<\/p>\n","protected":false},"author":1,"featured_media":0,"parent":0,"menu_order":21,"comment_status":"closed","ping_status":"closed","template":"elementor_header_footer","meta":{"footnotes":""},"class_list":["post-100381","page","type-page","status-publish","hentry"],"_links":{"self":[{"href":"https:\/\/smartfixsl.com\/fr\/wp-json\/wp\/v2\/pages\/100381","targetHints":{"allow":["GET"]}}],"collection":[{"href":"https:\/\/smartfixsl.com\/fr\/wp-json\/wp\/v2\/pages"}],"about":[{"href":"https:\/\/smartfixsl.com\/fr\/wp-json\/wp\/v2\/types\/page"}],"author":[{"embeddable":true,"href":"https:\/\/smartfixsl.com\/fr\/wp-json\/wp\/v2\/users\/1"}],"replies":[{"embeddable":true,"href":"https:\/\/smartfixsl.com\/fr\/wp-json\/wp\/v2\/comments?post=100381"}],"version-history":[{"count":4,"href":"https:\/\/smartfixsl.com\/fr\/wp-json\/wp\/v2\/pages\/100381\/revisions"}],"predecessor-version":[{"id":100386,"href":"https:\/\/smartfixsl.com\/fr\/wp-json\/wp\/v2\/pages\/100381\/revisions\/100386"}],"wp:attachment":[{"href":"https:\/\/smartfixsl.com\/fr\/wp-json\/wp\/v2\/media?parent=100381"}],"curies":[{"name":"wp","href":"https:\/\/api.w.org\/{rel}","templated":true}]}}